{"id":67090,"date":"2023-06-19T13:20:42","date_gmt":"2023-06-19T13:20:42","guid":{"rendered":"https:\/\/casadoarquiteto.pt\/?page_id=67090"},"modified":"2023-07-23T11:30:14","modified_gmt":"2023-07-23T11:30:14","slug":"townhouse","status":"publish","type":"page","link":"https:\/\/casadoarquiteto.pt\/pt\/townhouse\/","title":{"rendered":"A CASA"},"content":{"rendered":"<p>[vc_row][vc_column][vc_column_text]A Casa do Arquiteto, \u00e9 uma t\u00edpica casa burguesa representativa do Porto do in\u00edcio do s\u00e9culo XX que se localiza na Rua da Restaura\u00e7\u00e3o.<\/p>\n<p>Foi constru\u00edda em 1905, com projeto aprovado pelo Arquiteto Marques da Silva, num local onde anteriormente tinha j\u00e1 existido um edif\u00edcio com tr\u00eas grandes sal\u00f5es que albergava uma importante cole\u00e7\u00e3o de pintura, armas, medalhas e cer\u00e2mica pertencente a John Allen.<\/p>\n<p>Nesta casa estabeleceu-se, em 1950, o n\u00facleo familiar do prestigiado Arquiteto Eduardo Souto Moura (Pr\u00e9mio Pritzker em 2011) que a\u00ed passou a sua inf\u00e2ncia, juventude e parte da sua fase adulta, continuando a visit\u00e1-la regularmente.<\/p>\n<p>O Arquiteto foi convidado a reabilitar a casa onde viveu, desenvolvendo um projeto exemplar \u2013 conciliando tradi\u00e7\u00e3o e contemporaneidade \u2013 de um im\u00f3vel com muitas mem\u00f3rias e representativo da identidade urbana e arquitet\u00f3nica da cidade do Porto.<\/p>\n<p>A interven\u00e7\u00e3o recente foi distinguida em 2021 com o Pr\u00e9mio Jo\u00e3o de Almada, o maior galard\u00e3o para obras de reabilita\u00e7\u00e3o na cidade do Porto.[\/vc_column_text][\/vc_column][\/vc_row]<\/p>","protected":false},"excerpt":{"rendered":"<p>[vc_row][vc_column][vc_column_text]A Casa do Arquiteto, \u00e9 uma t\u00edpica casa burguesa representativa do Porto do in\u00edcio do s\u00e9culo XX que se localiza na Rua da Restaura\u00e7\u00e3o. Foi constru\u00edda em 1905, com projeto aprovado pelo Arquiteto Marques da Silva, num local onde anteriormente tinha j\u00e1 existido um edif\u00edcio com tr\u00eas grandes sal\u00f5es que albergava uma importante cole\u00e7\u00e3o de [&hellip;]<\/p>\n","protected":false},"author":4,"featured_media":0,"parent":0,"menu_order":0,"comment_status":"closed","ping_status":"closed","template":"","meta":{"inline_featured_image":false,"footnotes":""},"class_list":["post-67090","page","type-page","status-publish","hentry"],"_links":{"self":[{"href":"https:\/\/casadoarquiteto.pt\/pt\/wp-json\/wp\/v2\/pages\/67090","targetHints":{"allow":["GET"]}}],"collection":[{"href":"https:\/\/casadoarquiteto.pt\/pt\/wp-json\/wp\/v2\/pages"}],"about":[{"href":"https:\/\/casadoarquiteto.pt\/pt\/wp-json\/wp\/v2\/types\/page"}],"author":[{"embeddable":true,"href":"https:\/\/casadoarquiteto.pt\/pt\/wp-json\/wp\/v2\/users\/4"}],"replies":[{"embeddable":true,"href":"https:\/\/casadoarquiteto.pt\/pt\/wp-json\/wp\/v2\/comments?post=67090"}],"version-history":[{"count":0,"href":"https:\/\/casadoarquiteto.pt\/pt\/wp-json\/wp\/v2\/pages\/67090\/revisions"}],"wp:attachment":[{"href":"https:\/\/casadoarquiteto.pt\/pt\/wp-json\/wp\/v2\/media?parent=67090"}],"curies":[{"name":"wp","href":"https:\/\/api.w.org\/{rel}","templated":true}]}}